{"id":116,"date":"2022-12-30T18:37:57","date_gmt":"2022-12-30T17:37:57","guid":{"rendered":"https:\/\/iudesp.es\/?page_id=116"},"modified":"2026-03-23T13:15:07","modified_gmt":"2026-03-23T12:15:07","slug":"miembros","status":"publish","type":"page","link":"https:\/\/iudesp.es\/va\/miembros\/","title":{"rendered":"Membres"},"content":{"rendered":"\n<figure class=\"wp-block-image alignright size-large\"><img decoding=\"async\" src=\"https:\/\/iudesp.es\/va\/wp-content\/uploads\/2022\/12\/people_med.png\" alt=\"\"\/><\/figure>\n\n\n\n<p><a id=\"arriba\"><\/a><\/p>\n\n\n\n<p><a href=\"#A\">A<\/a>&nbsp;<a href=\"#B\">B<\/a>&nbsp;<a href=\"#C\">C<\/a>&nbsp;<a href=\"#D\">D<\/a>&nbsp;<a href=\"#E\">E<\/a>&nbsp;<a href=\"#F\">F<\/a>&nbsp;<a href=\"#G\">G<\/a>&nbsp;<a href=\"#H\">H<\/a><a href=\"#I\">&nbsp;I<\/a>&nbsp;J&nbsp;<a href=\"#K\">K<\/a>&nbsp;<a href=\"#L\">L<\/a>&nbsp;<a href=\"#M\">M<\/a>&nbsp;<a href=\"#N\">N<\/a>&nbsp;<a href=\"#O\">O<\/a>&nbsp;<a href=\"#P\">P<\/a>&nbsp;Q&nbsp;<a href=\"#R\">R<\/a>&nbsp;<a href=\"#S\">S<\/a>&nbsp;<a href=\"#T\">T<\/a>&nbsp;<a href=\"#U\">U<\/a>&nbsp;<a href=\"#V\">V<\/a>&nbsp;<\/p>\n\n\n\n<p><a id=\"A\"><\/a><\/p>\n\n\n\n<p><a href=\"https:\/\/cvnet.cpd.ua.es\/curriculum-breve\/ca\/agulles-martos-juan-manuel\/155981\">AGULLES MARTOS, Juan Manuel<\/a><\/p>\n\n\n\n<p>Professor Ajudant Doctor<br>Universitat d&#8217;Alacant<br>Unitat&nbsp;d&#8217;Investigaci\u00f3: Pobresa i Exclusi\u00f3 Social<br>e-mail:&nbsp;<a href=\"mailto:jm.agulles@ua.es\">jm.agulles@ua.es<\/a><\/p>\n\n\n\n<p><a href=\"https:\/\/www.uji.es\/departaments\/com\/base\/estructura\/personal?p_departamento=95&amp;p_profesor=60166\">AGUT GARCIA, Mar\u00eda Carmen<\/a><\/p>\n\n\n\n<p>Catedr\u00e0tica d&#8217;Universitat<br>Universitat Jaume I de Castell\u00f3<br>Unitat&nbsp;d&#8217;Investigaci\u00f3: Estudis de la Pau<br>e-mail:&nbsp;<a href=\"mailto:agutc@uji.es\">agutc@uji.es<\/a><\/p>\n\n\n\n<p><a href=\"https:\/\/cvnet.cpd.ua.es\/curriculum-breve\/es\/alaminos-chica-antonio-francisco\/27861\">ALAMINOS CHICA, Antonio<\/a><\/p>\n\n\n\n<p>Professor Catedr\u00e0tic d&#8217;Universitat<br>Universitat d&#8217;Alacant<br>Unitat&nbsp;d&#8217;Investigaci\u00f3: An\u00e0lisi Estructural i Din\u00e0miques de Canvi<br>e-mail:&nbsp;<a href=\"mailto:jm.agulles@ua.es\"><\/a><a href=\"mailto:alaminos@ua.es\">alaminos@ua.es<\/a><\/p>\n\n\n\n<p>ALAMINOS FERN\u00c1NDEZ, Paloma<\/p>\n\n\n\n<p>Col\u00b7laboradora Honor\u00edfica<br>Universitat d&#8217;Alacant<br>Unitat&nbsp;d&#8217;Investigaci\u00f3: An\u00e0lisi Estructural i Din\u00e1miques de Canvi<\/p>\n\n\n\n<p><\/p>\n\n\n\n<p><a href=\"https:\/\/cvnet.cpd.ua.es\/curriculum-breve\/ca\/alcalde-perez-jose\/5840\">ALCALDE P\u00c9REZ, Jos\u00e9<\/a><\/p>\n\n\n\n<p>Professor Catedr\u00e0tic d&#8217;Universitat&nbsp;<br>Universitat d&#8217;Alacant<br>Unitat&nbsp;d&#8217;Investigaci\u00f3: Elecci\u00f3 Social i Benestar<br>e-mail:&nbsp;<a href=\"mailto:jose.alcalde@ua.es\">jose.alcalde@ua.es<\/a><\/p>\n\n\n\n<p><a href=\"https:\/\/www.uji.es\/departaments\/com\/base\/estructura\/personal\/?urlRedirect=http:\/\/www.uji.es\/departaments\/com\/base\/estructura\/personal\/&amp;url=\/departaments\/com\/base\/estructura\/personal&amp;p_departamento=2503&amp;p_profesor=86955\">ALFAGEME CHAO, Alfredo<\/a><\/p>\n\n\n\n<p>Professor Catedr\u00e0tic d&#8217;Universitat<br>Universitat Jaume I de Castell\u00f3<br>Unitat&nbsp;d&#8217;Investigaci\u00f3: Estudis de la Pau<br>e-mail:&nbsp;<a href=\"mailto:alfageme@uji.es\">alfageme@uji.es<\/a><\/p>\n\n\n\n<p>AR\u00c9VALO SALINAS, ALEX IV\u00c1N<\/p>\n\n\n\n<p>Personal Investigador Contractat Doctor&nbsp;<br>Universitat Jaume I de Castell\u00f3<br>Unitat&nbsp;d&#8217;Investigaci\u00f3: Estudis de la Pau<br>e-mail:&nbsp;<a href=\"mailto:aarevalo@uji.es\">aarevalo@uji.es<\/a><\/p>\n\n\n\n<p><\/p>\n\n\n\n<p>ARZA PORRAS, Javier<\/p>\n\n\n\n<p>Col\u00b7laborador Honor\u00edfic<br>Universitat d&#8217;Alacant<br>Unitat&nbsp;d&#8217;Investigaci\u00f3: Pobresa i Exclusi\u00f3 Social<br><\/p>\n\n\n\n<p><a href=\"http:\/\/www.uji.es\/departaments\/com\/base\/estructura\/personal\/&amp;url=\/departaments\/com\/base\/estructura\/personal\/&amp;p_departamento=97&amp;p_profesor=65428\">BALLESTER ARNAL, Rafael<\/a><\/p>\n\n\n\n<p>Catedr\u00e0tic d&#8217;Universitat&nbsp;<br>Universitat Jaume I de Castell\u00f3<br>Unitat&nbsp;d&#8217;Investigaci\u00f3: Estudis de la Pau<br>e-mail:&nbsp;<a href=\"mailto:rballest@uji.es\">rballest@uji.es<\/a><\/p>\n\n\n\n<p><a href=\"https:\/\/www.uji.es\/departaments\/com\/base\/estructura\/personal\/?p_departamento=2502&amp;p_profesor=65401\">BENET FERRANDO, Vicente Jos\u00e9<\/a><\/p>\n\n\n\n<p>Catedr\u00e0tic d&#8217;Universitat&nbsp;&nbsp;<br>Universitat Jaume I de Castell\u00f3<br>Unitat&nbsp;d&#8217;Investigaci\u00f3: Estudis de la Pau<br>e-mail:&nbsp;<a href=\"mailto:benet@uji.es\">benet@uji.es<\/a><\/p>\n\n\n\n<p>BRIONES VOZMEDIANO, Erica<\/p>\n\n\n\n<p>Col\u00b7laboradora Honor\u00edfica<br>Universitat d&#8217;Alacant<br><\/p>\n\n\n\n<p><a href=\"#arriba\" id=\"C\"><strong>\u2191<\/strong><\/a><\/p>\n\n\n\n<p><a href=\"https:\/\/www.uji.es\/departaments\/com\/base\/estructura\/personal\/?p_departamento=84&amp;p_profesor=117500\">CABEDO MAS, Alberto<\/a><\/p>\n\n\n\n<p>Professor Titular d&#8217;Universitat&nbsp;<br>Universitat Jaume I de Castell\u00f3&nbsp;<br>Unitat&nbsp;d&#8217;Investigaci\u00f3: Estudis de la Pau<br>e-mail:&nbsp;<a href=\"mailto:cabedoa@uji.es\">cabedoa@uji.es<\/a><\/p>\n\n\n\n<p><a href=\"https:\/\/cvnet.cpd.ua.es\/curriculum-breve\/ca\/cabezon-fernandez-maria-jesus\/18154\">CABEZ\u00d3N FERN\u00c1NDEZ, Mar\u00eda Jesus<\/a><\/p>\n\n\n\n<p>Professora Titular d&#8217;Universitat&nbsp;<br>Universitat d&#8217;Alacant&nbsp;<br>Unitat&nbsp;d&#8217;Investigaci\u00f3: An\u00e0lisi Estructural i Din\u00e0miques de Canvi<br>e-mail:&nbsp;<a href=\"mailto:majef@ua.es\">majef@ua.es<\/a><\/p>\n\n\n\n<p><\/p>\n\n\n\n<p><a href=\"https:\/\/cvnet.cpd.ua.es\/curriculum-breve\/ca\/campillo-alhama-concepcion\/22557\">CAMPILLO ALHAMA, Concepci\u00f3n<\/a><\/p>\n\n\n\n<p>Professora Titular d&#8217;Universitat&nbsp;<br>Universitat d&#8217;Alacant<br>Unitat&nbsp;d&#8217;Investigaci\u00f3: Pol\u00edtiques P\u00fabliques i Intervenci\u00f3 Social<br>e-mail:&nbsp;<a href=\"mailto:concepcion.campillo@ua.es\">concepcion.campillo@ua.es<\/a><\/p>\n\n\n\n<p><a href=\"https:\/\/cvnet.cpd.ua.es\/curriculum-breve\/es\/caporale-bizzini-silvia-julia\/29959\">CAPORALE BIZZINI, Silvia<\/a><\/p>\n\n\n\n<p>Professora Titular d&#8217;Universitat&nbsp;<br>Universitat d&#8217;Alacant<br>Unitat&nbsp;d&#8217;Investigaci\u00f3: Desenvolupament social, democr\u00e0cia i diversitat cultural<br>e-mail:&nbsp;<a href=\"mailto:caporale@ua.es\">caporale@ua.es<\/a><\/p>\n\n\n\n<p><a href=\"https:\/\/cvnet.cpd.ua.es\/curriculum-breve\/es\/catala-oltra-luis\/1230\">CATAL\u00c1 OLTRA, Llu\u00eds<\/a><\/p>\n\n\n\n<p>Professor Ajudant Doctor ( LOU)<br>Universitat d&#8217;Alacant<br>Unitat d&#8217;Investigaci\u00f3: Estudis de la Pau<br>e-mail:&nbsp;<a href=\"mailto:luis.catala@ua.es\">luis.catala@ua.es<\/a><\/p>\n\n\n\n<p><a href=\"https:\/\/www.uji.es\/departaments\/com\/base\/estructura\/personal\/?p_departamento=96&amp;p_profesor=65266\">CLEMENTE ESTEVAN, Rosa Ana<\/a><\/p>\n\n\n\n<p>Catedr\u00e1tica de Universidad&nbsp;<br>Universitat Jaume I de Castell\u00f3<br>Unitat d&#8217;Investigaci\u00f3: Estudis de la Pau<br>e-mail:&nbsp;<a href=\"mailto:clemente@uji.es\">clemente@uji.es<\/a><\/p>\n\n\n\n<p><a href=\"https:\/\/www.uji.es\/departaments\/com\/base\/estructura\/personal\/?p_departamento=2503&amp;p_profesor=6326\">COMINS MIGOL, Irene<\/a><\/p>\n\n\n\n<p>Professora Contractada Doctora&nbsp;<br>Universitat Jaume I de Castell\u00f3n<br>Unitat d&#8217;Investigaci\u00f3: Estudis de la Pau<br>e-mail:&nbsp;<a href=\"mailto:cominsi@uji.es\">cominsi@uji.es<\/a><\/p>\n\n\n\n<p><a href=\"#arriba\" id=\"D\"><strong>\u2191<\/strong><\/a><\/p>\n\n\n\n<p><a href=\"https:\/\/cvnet.cpd.ua.es\/curriculum-breve\/ca\/de-lucas-murillo-de-la-cueva-fernando\/370458\">DE LUCAS MURILLO DE LA CUEVA, Fernando<\/a><\/p>\n\n\n\n<p>Professor Titular d&#8217;Universitat&nbsp;<br>Universitat d&#8217;Alacant<br>Unitat d&#8217;Investigaci\u00f3: Pol\u00edtiques P\u00fabliques i Intervenci\u00f3 Social<br>e-mail: <a href=\"mailto:fernando.lucas@ua.es\">fernando.lucas@ua.es<\/a><\/p>\n\n\n\n<p><a href=\"https:\/\/cvnet.cpd.ua.es\/curriculum-breve\/es\/denia-cuesta-alfonsa\/27362\">DENIA CUESTA, Alfonsa<\/a><\/p>\n\n\n\n<p>Professora Titular d&#8217;Universitat&nbsp;<br>Universitat d&#8217;Alacant<br>Unitat d&#8217;Investigaci\u00f3: Elecci\u00f3 Social i Benestar<br>e-mail:&nbsp;<a href=\"mailto:alfon@ua.es\">alfon@ua.es<\/a><\/p>\n\n\n\n<p><a href=\"https:\/\/cvnet.cpd.ua.es\/curriculum-breve\/es\/domenech-lopez-yolanda\/5211\">DOMENECH L\u00d3PEZ, Yolanda<\/a><\/p>\n\n\n\n<p>Professora Titular d&#8217;Universitat&nbsp;<br>Universitat d&#8217;Alacant<br>Unitat d&#8217;Investigaci\u00f3: Pol\u00edtiques P\u00fabliques i Intervenci\u00f3 Social<br>e-mail:&nbsp;<a href=\"mailto:yolanda.domenech@ua.es\">yolanda.domenech@ua.es<\/a><\/p>\n\n\n\n<p><a href=\"#arriba\" id=\"E\"><strong>\u2191<\/strong><\/a><\/p>\n\n\n\n<p><\/p>\n\n\n\n<p><a href=\"https:\/\/www.uji.es\/departaments\/com\/base\/estructura\/personal\/?p_departamento=102&amp;p_profesor=149293\">ESCRIG OLMEDO, Elena<\/a><\/p>\n\n\n\n<p>Ajudant d&#8217; Universitat&nbsp;<br>Universitat Jaume I de Castell\u00f3<br>Unitat d&#8217;Investigaci\u00f3: Estudis de la Pau<br>e-mail:&nbsp;<a href=\"mailto:eescrig@uji.es\">eescrig@uji.es<\/a><\/p>\n\n\n\n<p><a href=\"https:\/\/cvnet.cpd.ua.es\/curriculum-breve\/ca\/espinar-ruiz-eva\/8844\">ESPINAR RUIZ, Eva<\/a><\/p>\n\n\n\n<p>Professora Titular d&#8217;Universitat&nbsp;<br>Universitat d&#8217;Alacant<br>Unitat d&#8217;Investigaci\u00f3: Pobresa i Exclusi\u00f3 Social<br>e-mail:&nbsp;<a href=\"mailto:eva.espinar@ua.es\">Eva.Espinar@ua.es<\/a><\/p>\n\n\n\n<p><a href=\"https:\/\/cvnet.cpd.ua.es\/curriculum-breve\/ca\/estevez-garcia-jesus-francisco\/53149\" data-type=\"link\" data-id=\"https:\/\/cvnet.cpd.ua.es\/curriculum-breve\/ca\/estevez-garcia-jesus-francisco\/53149\">ESTEVEZ GARC\u00cdA, Jes\u00fas Francisco<\/a><\/p>\n\n\n\n<p>Professor Ajudant Doctor<br>Universitat d&#8217;Alacant<br>Unitat d&#8217;Investigaci\u00f3: Pobresa i Exclusi\u00f3 Social<br>e-mail:&nbsp;<a href=\"mailto:jesus.estevez@ua.es\">jesus.estevez@ua.es<\/a><\/p>\n\n\n\n<p><a href=\"#arriba\" id=\"F\"><strong>\u2191<\/strong><\/a><\/p>\n\n\n\n<p><a href=\"https:\/\/www.uji.es\/departaments\/com\/base\/estructura\/personal\/?p_departamento=102&amp;p_profesor=65120\">FERN\u00c1NDEZ IZQUIERDO, Mar\u00eda \u00c1ngeles<\/a><\/p>\n\n\n\n<p>Catedr\u00e0tica d&#8217;Universitat&nbsp;<br>Universitat Jaume I de Castell\u00f3<br>Unitat d&#8217;Investigaci\u00f3: Estudis de la Pau<br>e-mail:&nbsp;<a href=\"mailto:afernand@uji.es\">afernand@uji.es<\/a><\/p>\n\n\n\n<p><a href=\"https:\/\/cvnet.cpd.ua.es\/curriculum-breve\/ca\/ferrandez-ferrer-alicia\/220085\">FERR\u00c1NDEZ FERRER, Alicia<\/a><br>Professora Permanent Laboral<br>Universitat d&#8217;Alacant<br>Unitat d&#8217;Investigaci\u00f3: Pobresa i Exclusi\u00f3 Social<br>e-mail<a href=\"mailto:alicia.ferrandez@ua.es\">: alicia.ferrandez@ua.es<\/a><\/p>\n\n\n\n<p><a href=\"https:\/\/www.uji.es\/departaments\/com\/base\/estructura\/personal\/?p_departamento=102&amp;p_profesor=65120\">FERRERO FERRERO, Idoya<\/a><\/p>\n\n\n\n<p>Professora Contractada Doctora&nbsp;<br>Universitat Jaume I de Castell\u00f3<br>Unitat d&#8217;Investigaci\u00f3: Estudis de la Pau<br>e-mail:&nbsp;<a href=\"mailto:ferrero@uji.es\">ferrero@uji.es<\/a><\/p>\n\n\n\n<p><a href=\"https:\/\/cvnet.cpd.ua.es\/curriculum-breve\/ca\/frances-garcia-francisco-jose\/10409\">FRANC\u00c9S GARC\u00cdA, Francisco<\/a><\/p>\n\n\n\n<p>Professor Titular d&#8217;Universitat&nbsp;&nbsp;<br>Universitat d&#8217;Alacant<br>Unitat d&#8217;Investigaci\u00f3: An\u00e0lisi Estructural i Din\u00e0miques de Canvi<br>e-mail:&nbsp;<a href=\"mailto:Francisco.Frances@ua.es\">francisco.frances@ua.es<\/a><\/p>\n\n\n\n<p><a href=\"https:\/\/cvnet.cpd.ua.es\/curriculum-breve\/ca\/frau-marhuenda-carlos\/30234\">FRAU MARHUENDA, Carlos<\/a><\/p>\n\n\n\n<p>Professor Associat&nbsp;<br>Universitat d&#8217;Alacant<br>Unitat d&#8217;Investigaci\u00f3: An\u00e0lisi Estructural i Din\u00e0miques de Canvi<br>e-mail:&nbsp;<a href=\"mailto:carlos.frau\">carlos.frau@ua.es<\/a><\/p>\n\n\n\n<p><a href=\"#arriba\" id=\"G\"><strong>\u2191<\/strong><\/a><\/p>\n\n\n\n<p><a href=\"https:\/\/www.uji.es\/departaments\/com\/base\/estructura\/personal\/?p_departamento=2502&amp;p_profesor=87793\">G\u00c1MEZ FUENTES, Mar\u00eda Jos\u00e9<\/a><\/p>\n\n\n\n<p>Catedr\u00e0tica d&#8217;Universitat&nbsp;&nbsp;<br>Universitat Jaume I de Castell\u00f3n<br>Unitat d&#8217;Investigaci\u00f3: Estudis de la Pau<br>e-mail:&nbsp;<a href=\"mailto:gamezf@uji.es\">gamezf@uji.es<\/a><\/p>\n\n\n\n<p><a href=\"https:\/\/cvnet.cpd.ua.es\/curriculum-breve\/es\/garcia-garcia-jose-tomas\/5992\">GARC\u00cdA GARC\u00cdA, Jos\u00e9 Tom\u00e1s<\/a><\/p>\n\n\n\n<p>Professor Contractat Doctor&nbsp;<br>Universitat d&#8217;Alacant<br>Unitat d&#8217;Investigaci\u00f3: Pol\u00edtiques P\u00fabliques i Intervenci\u00f3 Social<br>e-mail:&nbsp;<a href=\"mailto:josetomas.garcia@ua.es\">josetomas.garcia@ua.es<\/a><\/p>\n\n\n\n<p><a href=\"https:\/\/cvnet.cpd.ua.es\/curriculum-breve\/ca\/guillo-fuentes-maria-dolores\/13221\">GUILL\u00d3 FUENTES, Dolores<\/a><\/p>\n\n\n\n<p>Professora Titular d&#8217; Universitat<br>Universitat d&#8217;Alacant<br>Unitat d&#8217;Investigaci\u00f3: Elecci\u00f3 Social i Benestar<br>e-mail:&nbsp;<a href=\"mailto:guillo@ua.es\">guillo@ua.es<\/a><\/p>\n\n\n\n<p><a href=\"#arriba\" id=\"H\"><strong>\u2191<\/strong><\/a><\/p>\n\n\n\n<p><\/p>\n\n\n\n<p><a href=\"#arriba\" id=\"I\"><strong>\u2191<\/strong><\/a><\/p>\n\n\n\n<p><a href=\"https:\/\/www.uji.es\/departaments\/com\/base\/estructura\/personal\/?p_departamento=2502&amp;p_profesor=125102\">IRANZO MONTES, Luis Amador<\/a><\/p>\n\n\n\n<p>Professor Ajudant Doctor&nbsp;<br>Universitat Jaume I Castell\u00f3<br>Unitat d&#8217;Investigaci\u00f3: Estudis de la Pau<br>e-mail:&nbsp;<a href=\"mailto:iranzo@uji.es\">iranzo@uji.es<\/a><\/p>\n\n\n\n<p><a href=\"#arriba\" id=\"K\"><strong>\u2191<\/strong><\/a><\/p>\n\n\n\n<p>KOSTOVA KARABOYTCHEVA, Miroslava<\/p>\n\n\n\n<p>Col\u00b7laboradora Honor\u00edfica<br>Unitat d&#8217;Investigaci\u00f3: Elecci\u00f3 Social i Benestar<br><\/p>\n\n\n\n<p><a href=\"#arriba\" id=\"L\"><strong>\u2191<\/strong><\/a><\/p>\n\n\n\n<p><a href=\"https:\/\/cvnet.cpd.ua.es\/curriculum-breve\/ca\/la-parra-casado-daniel\/7996\">LA PARRA CASADO, Daniel<\/a><\/p>\n\n\n\n<p>Professor Catedr\u00e0tic d&#8217;Universitat&nbsp;&nbsp;<br>Universitat d&#8217;Alacant<br>Unitat d&#8217;Investigaci\u00f3: Pobresa i Exclusi\u00f3 Social<br>e-mail:&nbsp;<a href=\"mailto:daniel.laparra@ua.es\">Daniel.Laparra@ua.es<\/a><\/p>\n\n\n\n<p><a href=\"https:\/\/cvnet.cpd.ua.es\/curriculum-breve\/es\/lopez-fernandez-cristina\/29844\">L\u00d3PEZ FERN\u00c1NDEZ, Cristina<\/a><\/p>\n\n\n\n<p>Professora Titular d&#8217; Escola Universitaria&nbsp;<br>Universitat d&#8217;Alacant<br>Unitat d&#8217;Investigaci\u00f3: An\u00e0lisi estructural i din\u00e0miques de canvi<br>e-mail:&nbsp;<a href=\"mailto:cristina.lopez@ua.es\">Cristina.Lopez@ua.es<\/a><\/p>\n\n\n\n<p><a href=\"https:\/\/www.uji.es\/departaments\/com\/base\/estructura\/personal\/?p_departamento=84&amp;p_profesor=135707\">LOZANO ESTIVALIS, Mar\u00eda<\/a><\/p>\n\n\n\n<p>Professora Contractada Doctora&nbsp;<br>Universitat Jaume I de Castell\u00f3<br>Unitat d&#8217;Investigaci\u00f3: Estudis de la Pau<br>e-mail:&nbsp;<a href=\"mailto:estivali@uji.es\">estivali@uji.es<\/a><a id=\"M\" href=\"#arriba\"><strong>\u2191<\/strong><\/a><\/p>\n\n\n\n<p><a href=\"https:\/\/cvnet.cpd.ua.es\/curriculum-breve\/ca\/marti-sempere-monica\/17317\">MART\u00cd SEMPERE, M\u00f3nica<\/a><\/p>\n\n\n\n<p>Professora Titular d&#8217;Universitat<br>Universitat d&#8217;Alacant<br>Unitat d&#8217;Investigaci\u00f3: Pobresa i Exclusi\u00f3 Social<br>e-mail:<a href=\"mailto:mmarti@ua.es\">mmarti@ua.es<\/a><\/p>\n\n\n\n<p><a href=\"https:\/\/cvnet.cpd.ua.es\/curriculum-breve\/es\/martinez-gras-rodolfo\/2965\">MART\u00cdNEZ GRAS, Rodolfo<\/a><\/p>\n\n\n\n<p>Professor Associat<br>Universitat d&#8217;Alacant<br>Unitat d&#8217;Investigaci\u00f3: Pobresa i Exclusi\u00f3 Social<br>e-mail:&nbsp;<a href=\"mailto:rodolfo.martinez@ua.es\">rodolfo.martinez@ua.es<\/a><\/p>\n\n\n\n<p><a href=\"https:\/\/cvnet.cpd.ua.es\/curriculum-breve\/ca\/mateo-perez-miguel-angel\/1748\">MATEO P\u00c9REZ, Miguel \u00c1ngel<\/a><\/p>\n\n\n\n<p>Catedr\u00e0tic d&#8217; Universitat&nbsp;<br>Universitat d&#8217;Alacant<br>Unitat d&#8217;Investigaci\u00f3: Pobresa i Exclusi\u00f3 Social<br>e-mail:&nbsp;<a href=\"mailto:ma.mateo@ua.es\">ma.mateo@ua.es<\/a><\/p>\n\n\n\n<p><a href=\"https:\/\/www.uji.es\/departaments\/com\/base\/estructura\/personal\/?p_departamento=84&amp;p_profesor=14546\">MOLINER MIRAVET, Mar\u00eda Lid\u00f3n<\/a><\/p>\n\n\n\n<p>Professora Contractada Doctora&nbsp;<br>Universitat Jaume I de Castell\u00f3<br>Unitat d&#8217;Investigaci\u00f3: Estudis de la Pau<br>e-mail:&nbsp;<a href=\"mailto:mmoliner@uji.es\">mmoliner@uji.es<\/a><\/p>\n\n\n\n<p><a href=\"https:\/\/www.uji.es\/departaments\/com\/base\/estructura\/personal\/?p_departamento=102&amp;p_profesor=65167\">MU\u00d1OZ TORRES, Mar\u00eda Jes\u00fas<\/a><\/p>\n\n\n\n<p>Catedr\u00e0tica d&#8217;Universitat&nbsp;<br>Universitat Jaume I de Castell\u00f3<br>Unitat d&#8217;Investigaci\u00f3: Estudis de la Pau<br>e-mail:&nbsp;<a href=\"mailto:munoz@uji.es\">munoz@uji.es<\/a><\/p>\n\n\n\n<p><a href=\"#arriba\" id=\"N\"><strong>\u2191<\/strong><\/a><\/p>\n\n\n\n<p><a href=\"https:\/\/www.uji.es\/departaments\/com\/base\/estructura\/personal\/?p_departamento=2503&amp;p_profesor=20849\">NOS ALD\u00c1S, Elo\u00edsa<\/a><\/p>\n\n\n\n<p>Catedr\u00e0tica d&#8217;Universitat&nbsp;<br>Universitat Jaume I de Castell\u00f3<br>Unitat d&#8217;Investigaci\u00f3: Estudis de la Pau<br>e-mail:&nbsp;<a href=\"mailto:aldas@uji.es\">aldas@uji.es<\/a><\/p>\n\n\n\n<p><a href=\"#arriba\" id=\"O\"><strong>\u2191<\/strong><\/a><\/p>\n\n\n\n<p>ORTIZ AR\u00c9VALO, Pamela<\/p>\n\n\n\n<p>Col\u00b7laboradora Honor\u00edfica&nbsp;<br>Universitat d&#8217;Alacant<br>Unitat d&#8217;Investigaci\u00f3: Elecci\u00f3 Social i Benestar<\/p>\n\n\n\n<p>ORTIZ BARREDA, Gaby<\/p>\n\n\n\n<p>Col\u00b7laboradora Honor\u00edfica<br>Universitat d&#8217;Alacant<\/p>\n\n\n\n<p><a href=\"https:\/\/cvnet.cpd.ua.es\/curriculum-breve\/ca\/ortiz-perez-samuel\/7835\">ORTIZ P\u00c9REZ, Samuel<\/a><a href=\"#arriba\" id=\"O\"><strong>\u2191<\/strong><\/a><\/p>\n\n\n\n<p>Professor Permanent Laboral<br>Universitat d&#8217;Alacant<br>Unitat d&#8217;Investigaci\u00f3: An\u00e0lisi estructural i din\u00e0miques de canvi<br>e-mail:&nbsp;<a href=\"mailto:samuel.ortiz@ua.es\">samuel.ortiz@ua.es<\/a><\/p>\n\n\n\n<p><a href=\"https:\/\/cvnet.cpd.ua.es\/curriculum-breve\/ca\/osorio-rauld-nelson-alejandro\/656864\" data-type=\"link\" data-id=\"https:\/\/cvnet.cpd.ua.es\/curriculum-breve\/ca\/osorio-rauld-nelson-alejandro\/656864\">OSORIO RAULD, Nelson Alejandro<\/a><\/p>\n\n\n\n<p>Ajudant (LOU)<br>Universitat d&#8217;Alacant<br>Unitat d&#8217;Investigaci\u00f3: Desenvolupament social, democr\u00e0cia i diversitat cultural<br>e-mail:&nbsp;<a href=\"mailto:alejandro.osorio@ua.es\">alejandro.osorio@ua.es<\/a><\/p>\n\n\n\n<p><a href=\"#arriba\" id=\"P\"><strong>\u2191<\/strong><\/a><\/p>\n\n\n\n<p><a href=\"https:\/\/www.uji.es\/departaments\/com\/base\/estructura\/personal\/?p_departamento=2503&amp;p_profesor=20849\">PAR\u00cdS ALBERT, Sonia<\/a><\/p>\n\n\n\n<p>Professora Contractada Doctora&nbsp;<br>Universitat Jaume I de Castell\u00f3<br>Unitat d&#8217;Investigaci\u00f3: Estudis de la Pau<br>e-mail:&nbsp;<a href=\"mailto:sparis@uji.es\">sparis@uji.es<\/a><\/p>\n\n\n\n<p><a href=\"https:\/\/cvnet.cpd.ua.es\/curriculum-breve\/es\/perez-belda-maria-carmen\/15609\">PEREZ BELDA, Mar\u00eda Carmen<\/a><\/p>\n\n\n\n<p>Professora Contratada Doctora&nbsp;<br>Universitat d&#8217;Alacant<br>Unitat d&#8217;Investigaci\u00f3: Pol\u00edtiques P\u00fabliques i Intervenci\u00f3 Social<br>e-mail:&nbsp;<a href=\"mailto:mc.perez@ua.es\">mc.perez@ua.e<\/a>s<\/p>\n\n\n\n<p><\/p>\n\n\n\n<p><a href=\"https:\/\/cvnet.cpd.ua.es\/curriculum-breve\/es\/peris-ferrando-josep-enric\/3471\">PERIS FERRANDO, Josep Enric<\/a><\/p>\n\n\n\n<p>Catedr\u00e0tic d&#8217;Universitat<br>Universitat d&#8217;Alacant<br>Unitat d&#8217;Investigaci\u00f3: Elecci\u00f3 Social i Benestar<br>e-mail:&nbsp;<a href=\"mailto:peris@ua.es\">peris@ua.es<\/a><\/p>\n\n\n\n<p><a href=\"https:\/\/www.uji.es\/departaments\/com\/base\/estructura\/personal\/?p_departamento=96&amp;p_profesor=55812\">PINAZO CALATAYUD, Daniel<\/a><\/p>\n\n\n\n<p>Professor Titular d&#8217;Universitat&nbsp;<br>Universitat Jaume I de Castell\u00f3n<br>Unitat d&#8217;Investigaci\u00f3: Estudis de la Pau<br>e-mail:&nbsp;<a href=\"mailto:pinazo@uji.es\">pinazo@uji.es<\/a><\/p>\n\n\n\n<p><a href=\"#arriba\" id=\"R\"><strong>\u2191<\/strong><\/a><\/p>\n\n\n\n<p><a href=\"https:\/\/www.uji.es\/departaments\/com\/base\/estructura\/personal\/?p_departamento=99&amp;p_profesor=65228\">RAGA GIMENO, Francisco Jos\u00e9<\/a><\/p>\n\n\n\n<p>Professor Titular d&#8217;Universitat&nbsp;&nbsp;<br>Universitat Jaume I de Castell\u00f3<br>Unitat d&#8217;Investigaci\u00f3: Estudis de la Pau<br>e-mail:&nbsp;<a href=\"mailto:raga@uji.es\">raga@uji.es<\/a><\/p>\n\n\n\n<p><a href=\"https:\/\/www.uji.es\/departaments\/com\/base\/estructura\/personal\/?p_departamento=99&amp;p_profesor=65228\">RIVERA LIRIO, Juana Mar\u00eda<\/a><\/p>\n\n\n\n<p>Professora Titular d&#8217;Universitat&nbsp;<br>Universitat Jaume I de Castell\u00f3<br>Unitat d&#8217;Investigaci\u00f3: Estudis de la Pau<br>e-mail:&nbsp;<a href=\"mailto:jrivera@uji.es\">jrivera@uji.es<\/a><\/p>\n\n\n\n<p><a href=\"https:\/\/cvnet.cpd.ua.es\/curriculum-breve\/es\/rodenas-calatayud-mari-angeles\/27525\" data-type=\"URL\" data-id=\"https:\/\/cvnet.cpd.ua.es\/curriculum-breve\/es\/rodenas-calatayud-angeles\/27525\" target=\"_blank\" rel=\"noreferrer noopener\">R\u00d3DENAS CALATAYUD, Mari \u00c1ngeles<\/a><\/p>\n\n\n\n<div class=\"wp-block-group is-vertical is-layout-flex wp-container-core-group-is-layout-fe9cc265 wp-block-group-is-layout-flex\">\n<p>Professora Titular d&#8217;Universitat&nbsp;<br>Universitat d&#8217;Alacant<br>Unitat d&#8217;Investigaci\u00f3: Desenvolupament social, democr\u00e0cia i diversitat cultural<br><a href=\"angeles.rodenas@gcloud.ua.es\" data-type=\"URL\" data-id=\"angeles.rodenas@gcloud.ua.es\">e-mail: angeles.rodenas@gcloud.ua.es<\/a><\/p>\n\n\n\n<p><\/p>\n\n\n\n<p><\/p>\n\n\n\n<p><a href=\"https:\/\/cvnet.cpd.ua.es\/curriculum-breve\/ca\/rodriguez-lifante-alberto\/29928\">RODR\u00cdGUEZ LIFANTE, Alberto<\/a><\/p>\n<\/div>\n\n\n\n<p><\/p>\n\n\n\n<p>Professor Titular d&#8217;Universitat&nbsp;&nbsp;<br>Universitat d&#8217;Alacant<br>Unitat d&#8217;Investigaci\u00f3: Desenvolupament social, democr\u00e0cia i diversitat cultural<br>e-mail:&nbsp;<a href=\"mailto:alberto.rodriguez@ua.es\">alberto.rodriguez@ua.es<\/a><\/p>\n\n\n\n<p><a href=\"#arriba\" id=\"S\"><strong>\u2191<\/strong><\/a><\/p>\n\n\n\n<p><a href=\"https:\/\/www.uji.es\/departaments\/com\/base\/estructura\/personal\/?p_departamento=84&amp;p_profesor=65534\">SALES CIGES, Mar\u00eda Auxiliadora<\/a><\/p>\n\n\n\n<p>ProfessoraTitular d&#8217;Universitat&nbsp;<br>Universitat Jaume I de Castell\u00f3n<br>Unitat d&#8217;Investigaci\u00f3: Estudios de la Paz<br>e-mail:&nbsp;<a href=\"mailto:asales@uji.es\">asales@uji.es<\/a><\/p>\n\n\n\n<p><a href=\"https:\/\/cvnet.cpd.ua.es\/curriculum-breve\/ca\/santacreu-fernandez-oscar-antonio\/15146\">SANTACREU FERN\u00c1NDEZ, Oscar<\/a><\/p>\n\n\n\n<p>Professor Titular d&#8217;Universitat&nbsp;<br>Universitat d&#8217;Alacant<br>Unitat d&#8217;Investigaci\u00f3: Pobresa i Exclusi\u00f3 Social<br>e-mail:&nbsp;<a href=\"mailto:oscar.santacreu@ua.es\">oscar.santacreu@ua.es<\/a><\/p>\n\n\n\n<p><a href=\"https:\/\/www.uji.es\/departaments\/com\/base\/estructura\/personal\/?p_departamento=104&amp;p_profesor=55617\">SANZ ROZAL\u00c9N, Vicente<\/a><\/p>\n\n\n\n<p>Professor Titular d&#8217;Universitat&nbsp;<br>Universitat Jaume I de Castell\u00f3<\/p>\n\n\n\n<p>Unitat d&#8217;Investigaci\u00f3: Estudis de la Pau<br>e-mail:&nbsp;<a href=\"mailto:sanz@uji.es\">sanz@uji.es<\/a><\/p>\n\n\n\n<p><a href=\"https:\/\/www.uji.es\/departaments\/com\/base\/estructura\/personal\/?p_departamento=2503&amp;p_profesor=6489\">SEGU\u00cd COSME, Salvador<\/a><\/p>\n\n\n\n<p>Professor Titular d&#8217;Escola Universitaria&nbsp;<br>Universitat Jaume I de Castell\u00f3<br>Unitat d&#8217;Investigaci\u00f3: Estudis de la Pau<br>e-mail:&nbsp;<a href=\"mailto:segui@uji.es\">segui@uji.es<\/a><\/p>\n\n\n\n<p>SILVA REUS, Jos\u00e9 \u00c1ngel<\/p>\n\n\n\n<p>Col\u00b7laborador Honor\u00edfic&nbsp;<br>Universitat d&#8217;Alacant<br>Unitat d&#8217;Investigaci\u00f3: Elecci\u00f3 Social i Benestar<br><\/p>\n\n\n\n<p><a href=\"https:\/\/cvnet.cpd.ua.es\/curriculum-breve\/ca\/subiza-martinez-maria-begona\/7848\">SUBIZA MART\u00cdNEZ, Mar\u00eda Bego\u00f1a<\/a><\/p>\n\n\n\n<p>Catedr\u00e0tica d&#8217;Universitat&nbsp;<br>Universitat d&#8217;Alacant<br>Unitat d&#8217;Investigaci\u00f3: Elecci\u00f3 Social i Benestar<br>e-mail:&nbsp;<a href=\"mailto:subiza@ua.es\">subiza@ua.es<\/a><\/p>\n\n\n\n<p><a href=\"#arriba\" id=\"T\"><strong>\u2191<\/strong><\/a><\/p>\n\n\n\n<p><a href=\"https:\/\/es.wikipedia.org\/wiki\/Jos%C3%A9_Mar%C3%ADa_Tortosa\" data-type=\"URL\" data-id=\"https:\/\/es.wikipedia.org\/wiki\/Jos%C3%A9_Mar%C3%ADa_Tortosa\" target=\"_blank\" rel=\"noreferrer noopener\">TORTOSA BLASCO, Jos\u00e9 Mar\u00eda<\/a><\/p>\n\n\n\n<p>Col\u00b7laborador Honor\u00edfic&nbsp;<br>Universitat d&#8217;Alacant<br>Unitat d&#8217;Investigaci\u00f3: Estudis de la Pau<br><\/p>\n\n\n\n<p><a href=\"#arriba\" id=\"V\"><strong>\u2191<\/strong><\/a><\/p>\n\n\n\n<p><\/p>\n","protected":false},"excerpt":{"rendered":"<p>A&nbsp;B&nbsp;C&nbsp;D&nbsp;E&nbsp;F&nbsp;G&nbsp;H&nbsp;I&nbsp;J&nbsp;K&nbsp;L&nbsp;M&nbsp;N&nbsp;O&nbsp;P&nbsp;Q&nbsp;R&nbsp;S&nbsp;T&nbsp;U&nbsp;V&nbsp; AGULLES MARTOS, Juan Manuel Professor Ajudant DoctorUniversitat d&#8217;AlacantUnitat&nbsp;d&#8217;Investigaci\u00f3: Pobresa i Exclusi\u00f3 Sociale-mail:&nbsp;jm.agulles@ua.es AGUT GARCIA, Mar\u00eda Carmen Catedr\u00e0tica d&#8217;UniversitatUniversitat Jaume I de Castell\u00f3Unitat&nbsp;d&#8217;Investigaci\u00f3: Estudis de la Paue-mail:&nbsp;agutc@uji.es ALAMINOS CHICA, Antonio Professor Catedr\u00e0tic d&#8217;UniversitatUniversitat d&#8217;AlacantUnitat&nbsp;d&#8217;Investigaci\u00f3: An\u00e0lisi Estructural i Din\u00e0miques de Canvie-mail:&nbsp;alaminos@ua.es ALAMINOS FERN\u00c1NDEZ, Paloma Col\u00b7laboradora Honor\u00edficaUniversitat d&#8217;AlacantUnitat&nbsp;d&#8217;Investigaci\u00f3: An\u00e0lisi Estructural i Din\u00e1miques de Canvi ALCALDE P\u00c9REZ, Jos\u00e9 [&hellip;]<\/p>\n","protected":false},"author":1,"featured_media":0,"parent":0,"menu_order":3,"comment_status":"closed","ping_status":"closed","template":"","meta":{"footnotes":""},"class_list":["post-116","page","type-page","status-publish","hentry"],"_links":{"self":[{"href":"https:\/\/iudesp.es\/va\/wp-json\/wp\/v2\/pages\/116","targetHints":{"allow":["GET"]}}],"collection":[{"href":"https:\/\/iudesp.es\/va\/wp-json\/wp\/v2\/pages"}],"about":[{"href":"https:\/\/iudesp.es\/va\/wp-json\/wp\/v2\/types\/page"}],"author":[{"embeddable":true,"href":"https:\/\/iudesp.es\/va\/wp-json\/wp\/v2\/users\/1"}],"replies":[{"embeddable":true,"href":"https:\/\/iudesp.es\/va\/wp-json\/wp\/v2\/comments?post=116"}],"version-history":[{"count":20,"href":"https:\/\/iudesp.es\/va\/wp-json\/wp\/v2\/pages\/116\/revisions"}],"predecessor-version":[{"id":887,"href":"https:\/\/iudesp.es\/va\/wp-json\/wp\/v2\/pages\/116\/revisions\/887"}],"wp:attachment":[{"href":"https:\/\/iudesp.es\/va\/wp-json\/wp\/v2\/media?parent=116"}],"curies":[{"name":"wp","href":"https:\/\/api.w.org\/{rel}","templated":true}]}}